{"id":54,"date":"2019-06-18T10:01:53","date_gmt":"2019-06-18T08:01:53","guid":{"rendered":"http:\/\/www.lfventilation.dk\/?page_id=54"},"modified":"2024-09-30T09:58:01","modified_gmt":"2024-09-30T07:58:01","slug":"trykfond-veste","status":"publish","type":"page","link":"https:\/\/www.lfventilation.dk\/index.php\/lf-marine\/trykfond-veste\/","title":{"rendered":"TrygFonden Veste"},"content":{"rendered":"\n<hr class=\"wp-block-separator has-alpha-channel-opacity is-style-wide\"\/>\n\n\n\n<p>Ved henvendelse venligst oplys ID-nr. som st\u00e5r i donationsbrev.<\/p>\n\n\n\n<div style=\"height:10px\" aria-hidden=\"true\" class=\"wp-block-spacer\"><\/div>\n\n\n\n<p class=\"has-medium-font-size\"><strong>Kontakt os p\u00e5 tlf: <a href=\"tel:55772244\" data-type=\"tel\" data-id=\"tel:55772244\">55 77 22 44<\/a> eller p\u00e5 e-mail: <a href=\"mailto:Marine@LF-Group.dk\">Marine@LF-Group.dk<\/a><\/strong><\/p>\n\n\n\n<div style=\"height:10px\" aria-hidden=\"true\" class=\"wp-block-spacer\"><\/div>\n\n\n\n<p>Hvis I \u00f8nsker oppustelige veste, skal der specifikt st\u00e5 i jeres donationsbrev, at I har f\u00e5et bevilliget oppustelige veste.<\/p>\n\n\n\n<p>I kan frit v\u00e6lge\/blande imellem de to typer af faste rednings-\/sv\u00f8mmeveste. <\/p>\n\n\n\n<div style=\"height:50px\" aria-hidden=\"true\" class=\"wp-block-spacer\"><\/div>\n\n\n\n<h2 class=\"wp-block-heading\"><strong>Faste rednings-\/sv\u00f8mmeveste:<\/strong><\/h2>\n\n\n\n<hr class=\"wp-block-separator has-alpha-channel-opacity is-style-wide\"\/>\n\n\n\n<div style=\"height:25px\" aria-hidden=\"true\" class=\"wp-block-spacer\"><\/div>\n\n\n\n<h3 class=\"wp-block-heading\">Redningsvest Baltic Pro Sailor 1284 <\/h3>\n\n\n\n<p>Godkendt iflg EN 395 og CE EN\/ISO 12402-4 i 100N klassen.<\/p>\n\n\n\n<div style=\"height:20px\" aria-hidden=\"true\" class=\"wp-block-spacer\"><\/div>\n\n\n\n<div class=\"wp-block-media-text alignwide is-stacked-on-mobile\"><figure class=\"wp-block-media-text__media\"><img loading=\"lazy\" decoding=\"async\" width=\"600\" height=\"600\" src=\"https:\/\/www.lfventilation.dk\/wp-content\/uploads\/2024\/09\/Baltic-1284-600.png\" alt=\"\" class=\"wp-image-405 size-full\" srcset=\"https:\/\/www.lfventilation.dk\/wp-content\/uploads\/2024\/09\/Baltic-1284-600.png 600w, https:\/\/www.lfventilation.dk\/wp-content\/uploads\/2024\/09\/Baltic-1284-600-300x300.png 300w, https:\/\/www.lfventilation.dk\/wp-content\/uploads\/2024\/09\/Baltic-1284-600-150x150.png 150w, https:\/\/www.lfventilation.dk\/wp-content\/uploads\/2024\/09\/Baltic-1284-600-1x1.png 1w\" sizes=\"auto, (max-width: 600px) 100vw, 600px\" \/><\/figure><div class=\"wp-block-media-text__content\">\n<ul class=\"wp-block-list\">\n<li><strong>St\u00f8rrelser:<\/strong><\/li>\n\n\n\n<li>3-10 kg. Opdrift: 38N Brystm\u00e5l: -50 cm.<\/li>\n\n\n\n<li>10-20 kg. Opdrift: 42N Brystm\u00e5l: 45-61 cm.<\/li>\n\n\n\n<li>15-30 kg. Opdrift: 45N Brystm\u00e5l: 46-69 cm.<\/li>\n\n\n\n<li>30-40 kg. Opdrift: 68N Brystm\u00e5l: 58-78 cm.<\/li>\n\n\n\n<li>40-50 kg. Opdrift: 78N Brystm\u00e5l: 67-87 cm.<\/li>\n\n\n\n<li>50-70 kg. Opdrift: 110N Brystm\u00e5l: 77-103 cm.<\/li>\n\n\n\n<li>70-100 kg. Opdrift: 110N Brystm\u00e5l: 89-115 cm.<\/li>\n\n\n\n<li>+100 kg. Opdrift: 110N Brystm\u00e5l: 115- cm.<\/li>\n<\/ul>\n\n\n\n<div style=\"height:20px\" aria-hidden=\"true\" class=\"wp-block-spacer\"><\/div>\n\n\n\n<p>Pro&nbsp;Sailor&nbsp;er udstyret med reflekser, fl\u00f8jte, l\u00f8fteh\u00e5ndtag i&nbsp;nakken,&nbsp;skridtrem&nbsp;og holdbart&nbsp;synligt&nbsp;stof.<br>De to&nbsp;mindste st\u00f8rrelser&nbsp;er udstyret med&nbsp;skridt-stropbukser, der&nbsp;kan klikkes&nbsp;i to&nbsp;positioner for at&nbsp;give maksimal&nbsp;sikkerhed &#8211;&nbsp;selv for&nbsp;de mindste.<\/p>\n<\/div><\/div>\n\n\n\n<hr class=\"wp-block-separator has-alpha-channel-opacity is-style-wide\"\/>\n\n\n\n<div style=\"height:25px\" aria-hidden=\"true\" class=\"wp-block-spacer\"><\/div>\n\n\n\n<h3 class=\"wp-block-heading\">Sv\u00f8mmevest Baltic Dinghy Pro 5707 <\/h3>\n\n\n\n<p>Godkendt iflg. EN\/ISO 12402-5 i 50N klassen.<\/p>\n\n\n\n<div style=\"height:20px\" aria-hidden=\"true\" class=\"wp-block-spacer\"><\/div>\n\n\n\n<div class=\"wp-block-media-text alignwide is-stacked-on-mobile\"><figure class=\"wp-block-media-text__media\"><img loading=\"lazy\" decoding=\"async\" width=\"600\" height=\"600\" src=\"https:\/\/www.lfventilation.dk\/wp-content\/uploads\/2024\/09\/baltic_5707_dingy_pro_low_1-600.png\" alt=\"\" class=\"wp-image-406 size-full\" srcset=\"https:\/\/www.lfventilation.dk\/wp-content\/uploads\/2024\/09\/baltic_5707_dingy_pro_low_1-600.png 600w, https:\/\/www.lfventilation.dk\/wp-content\/uploads\/2024\/09\/baltic_5707_dingy_pro_low_1-600-300x300.png 300w, https:\/\/www.lfventilation.dk\/wp-content\/uploads\/2024\/09\/baltic_5707_dingy_pro_low_1-600-150x150.png 150w, https:\/\/www.lfventilation.dk\/wp-content\/uploads\/2024\/09\/baltic_5707_dingy_pro_low_1-600-1x1.png 1w\" sizes=\"auto, (max-width: 600px) 100vw, 600px\" \/><\/figure><div class=\"wp-block-media-text__content\">\n<ul class=\"wp-block-list\">\n<li><strong>St\u00f8rrelser:<\/strong><\/li>\n\n\n\n<li>25-40 kg. Opdrift 45N, Brystm\u00e5l 55-78cm.<\/li>\n\n\n\n<li>40-50 kg. Opdrift 45N, Brystm\u00e5l 67-87cm.<\/li>\n\n\n\n<li>50-70 kg. Opdrift 55N, Brystm\u00e5l 77-103cm.<\/li>\n\n\n\n<li>70-80 kg. Opdrift 60N, Brystm\u00e5l 89-109cm.<\/li>\n\n\n\n<li>80-90 kg. Opdrift 65N, Brystm\u00e5l 102-115cm.<\/li>\n\n\n\n<li>       +90 kg. Opdrift 65N, Brystm\u00e5l 115-cm.<\/li>\n<\/ul>\n\n\n\n<div style=\"height:20px\" aria-hidden=\"true\" class=\"wp-block-spacer\"><\/div>\n\n\n\n<p>Dinghy Pro er perfekt til vandsport hvor bev\u00e6gelsesfrihed er i h\u00f8js\u00e6det.<br>Kombinationen af supersoft skum i fronten med stabiliserende skum i ryggen sikrer god pasform.<br>Ekstra kort snit.<br>Elastik i siderne og b\u00e6lte med dobbelt velcrojustering samt taljesn\u00f8re sikrer at vesten sidder t\u00e6t og fast.<br>Frontlomme i Mylar med lynl\u00e5s.<br><br><\/p>\n<\/div><\/div>\n\n\n\n<hr class=\"wp-block-separator has-alpha-channel-opacity is-style-wide\"\/>\n\n\n\n<div style=\"height:50px\" aria-hidden=\"true\" class=\"wp-block-spacer\"><\/div>\n\n\n\n<h2 class=\"wp-block-heading\">Oppustelige redningsveste:<\/h2>\n\n\n\n<hr class=\"wp-block-separator has-alpha-channel-opacity is-style-wide\"\/>\n\n\n\n<div style=\"height:25px\" aria-hidden=\"true\" class=\"wp-block-spacer\"><\/div>\n\n\n\n<h3 class=\"wp-block-heading\">Automatisk  Baltic Legend 1746-230-1<\/h3>\n\n\n\n<p>Godkendt iflg. CE EN\/ISO 12402-3 i 150N klassen.<\/p>\n\n\n\n<div style=\"height:20px\" aria-hidden=\"true\" class=\"wp-block-spacer\"><\/div>\n\n\n\n<div class=\"wp-block-media-text alignwide is-stacked-on-mobile\"><figure class=\"wp-block-media-text__media\"><img loading=\"lazy\" decoding=\"async\" width=\"600\" height=\"600\" src=\"https:\/\/www.lfventilation.dk\/wp-content\/uploads\/2024\/09\/TrygFonden-Legend-alt-1-600.png\" alt=\"\" class=\"wp-image-408 size-full\" srcset=\"https:\/\/www.lfventilation.dk\/wp-content\/uploads\/2024\/09\/TrygFonden-Legend-alt-1-600.png 600w, https:\/\/www.lfventilation.dk\/wp-content\/uploads\/2024\/09\/TrygFonden-Legend-alt-1-600-300x300.png 300w, https:\/\/www.lfventilation.dk\/wp-content\/uploads\/2024\/09\/TrygFonden-Legend-alt-1-600-150x150.png 150w, https:\/\/www.lfventilation.dk\/wp-content\/uploads\/2024\/09\/TrygFonden-Legend-alt-1-600-1x1.png 1w\" sizes=\"auto, (max-width: 600px) 100vw, 600px\" \/><\/figure><div class=\"wp-block-media-text__content\">\n<ul class=\"wp-block-list\">\n<li><strong>St\u00f8rrelse:<\/strong><\/li>\n\n\n\n<li>One size. 40-120 kg. Opdrift: 165N.<\/li>\n\n\n\n<li>Brystm\u00e5l 70-150 cm.<\/li>\n\n\n\n<li>V\u00e6gt: 950 gr.<\/li>\n\n\n\n<li>Patron: 33g CO2<\/li>\n<\/ul>\n\n\n\n<ul class=\"wp-block-list\">\n<li>Den automatisk oppustelige redningsvest<br>er til sejlerne<\/li>\n\n\n\n<li>Den kan ogs\u00e5 bruges til roerne<\/li>\n<\/ul>\n\n\n\n<div style=\"height:20px\" aria-hidden=\"true\" class=\"wp-block-spacer\"><\/div>\n\n\n\n<p>Legend oppustelige redningsveste har en helt enest\u00e5ende pasform sammenlignet med traditionelle oppustelige redningsveste.<br>Vesten har en st\u00f8rre hals\u00e5bning, fleece krave, samt et smidige materiale, en polstret ryg og en aftagelige skridtrem.<br>I den ene side er det et vindue til kontrol af str\u00f8mniveau p\u00e5 redningsvesten.<br>Sikret cylinderholder, der sikrer CO2 cylinderen i mod vibrationer og store temperaturudsving (en gummiring som sikrer at cylinderen ikke l\u00f8sner sig).<\/p>\n<\/div><\/div>\n\n\n\n<hr class=\"wp-block-separator has-alpha-channel-opacity is-style-wide\"\/>\n\n\n\n<div style=\"height:25px\" aria-hidden=\"true\" class=\"wp-block-spacer\"><\/div>\n\n\n\n<h3 class=\"wp-block-heading\">Manuel Baltic Compact 1301-230-1<\/h3>\n\n\n\n<p>Godkendt iflg. CE EN\/ISO 12402-4 i 100N klassen.<\/p>\n\n\n\n<div style=\"height:20px\" aria-hidden=\"true\" class=\"wp-block-spacer\"><\/div>\n\n\n\n<div class=\"wp-block-media-text alignwide is-stacked-on-mobile\"><figure class=\"wp-block-media-text__media\"><img loading=\"lazy\" decoding=\"async\" width=\"600\" height=\"600\" src=\"https:\/\/www.lfventilation.dk\/wp-content\/uploads\/2024\/09\/TrygFonden-Compact-alt-1-kopiera-600.png\" alt=\"\" class=\"wp-image-409 size-full\" srcset=\"https:\/\/www.lfventilation.dk\/wp-content\/uploads\/2024\/09\/TrygFonden-Compact-alt-1-kopiera-600.png 600w, https:\/\/www.lfventilation.dk\/wp-content\/uploads\/2024\/09\/TrygFonden-Compact-alt-1-kopiera-600-300x300.png 300w, https:\/\/www.lfventilation.dk\/wp-content\/uploads\/2024\/09\/TrygFonden-Compact-alt-1-kopiera-600-150x150.png 150w, https:\/\/www.lfventilation.dk\/wp-content\/uploads\/2024\/09\/TrygFonden-Compact-alt-1-kopiera-600-1x1.png 1w\" sizes=\"auto, (max-width: 600px) 100vw, 600px\" \/><\/figure><div class=\"wp-block-media-text__content\">\n<ul class=\"wp-block-list\">\n<li><strong>St\u00f8rrelse:<\/strong><\/li>\n\n\n\n<li>One size. 30-110 kg. Opdrift: 100N.<\/li>\n\n\n\n<li>Brystm\u00e5l 70-130 cm.<\/li>\n\n\n\n<li>V\u00e6gt: 850 gr.<\/li>\n\n\n\n<li>Patron: 20g CO2<\/li>\n\n\n\n<li>Den manuelle oppustelige redningsvest er en mere compact vest og er velegnet til roere<\/li>\n<\/ul>\n\n\n\n<div style=\"height:20px\" aria-hidden=\"true\" class=\"wp-block-spacer\"><\/div>\n\n\n\n<p>Compact oppustelige vest har en enest\u00e5ende pasform, fleece krave, er betydeligt lettere end andre oppustelige redningsveste, da lungen er mindre.<br>I den h\u00f8jre side har redningsvesten et ProSensor inspektions vindue som sikrer at du altid kan se om vesten er klar.<br>Skridtstroppen kan afmonteres, vesten er smidig og giver en god komfort.<br>Ekstra kort og slank model, glider ikke op.<br><\/p>\n<\/div><\/div>\n\n\n\n<hr class=\"wp-block-separator has-alpha-channel-opacity is-style-wide\"\/>\n\n\n\n<div style=\"height:50px\" aria-hidden=\"true\" class=\"wp-block-spacer\"><\/div>\n\n\n\n<h2 class=\"wp-block-heading\"><strong>Tryk af eget logo\/foreningsnavn<\/strong>.<\/h2>\n\n\n\n<hr class=\"wp-block-separator has-alpha-channel-opacity is-style-wide\"\/>\n\n\n\n<div style=\"height:20px\" aria-hidden=\"true\" class=\"wp-block-spacer\"><\/div>\n\n\n\n<p>F\u00e5 trykt jeres logo eller foreningsnavn p\u00e5 redningsvestene.<\/p>\n\n\n\n<p>Opstarts gebyr : 500 kr.<\/p>\n\n\n\n<p>Pris for tryk : 50 kr. pr. tryk i en farve.<\/p>\n\n\n\n<hr class=\"wp-block-separator has-alpha-channel-opacity is-style-wide\"\/>\n\n\n\n<p><\/p>\n","protected":false},"excerpt":{"rendered":"<p>Ved henvendelse venligst oplys ID-nr. som st\u00e5r i donationsbrev. Kontakt os p\u00e5 tlf: 55 77 22 44 eller p\u00e5 e-mail: Marine@LF-Group.dk Hvis I \u00f8nsker oppustelige veste, skal der specifikt st\u00e5 i jeres donationsbrev, at I har f\u00e5et bevilliget oppustelige veste. I kan frit v\u00e6lge\/blande imellem de to typer af faste rednings-\/sv\u00f8mmeveste. Faste rednings-\/sv\u00f8mmeveste: Redningsvest Baltic [&hellip;]<\/p>\n","protected":false},"author":2,"featured_media":0,"parent":45,"menu_order":0,"comment_status":"closed","ping_status":"closed","template":"","meta":{"footnotes":""},"class_list":["post-54","page","type-page","status-publish","hentry"],"_links":{"self":[{"href":"https:\/\/www.lfventilation.dk\/index.php\/wp-json\/wp\/v2\/pages\/54","targetHints":{"allow":["GET"]}}],"collection":[{"href":"https:\/\/www.lfventilation.dk\/index.php\/wp-json\/wp\/v2\/pages"}],"about":[{"href":"https:\/\/www.lfventilation.dk\/index.php\/wp-json\/wp\/v2\/types\/page"}],"author":[{"embeddable":true,"href":"https:\/\/www.lfventilation.dk\/index.php\/wp-json\/wp\/v2\/users\/2"}],"replies":[{"embeddable":true,"href":"https:\/\/www.lfventilation.dk\/index.php\/wp-json\/wp\/v2\/comments?post=54"}],"version-history":[{"count":132,"href":"https:\/\/www.lfventilation.dk\/index.php\/wp-json\/wp\/v2\/pages\/54\/revisions"}],"predecessor-version":[{"id":410,"href":"https:\/\/www.lfventilation.dk\/index.php\/wp-json\/wp\/v2\/pages\/54\/revisions\/410"}],"up":[{"embeddable":true,"href":"https:\/\/www.lfventilation.dk\/index.php\/wp-json\/wp\/v2\/pages\/45"}],"wp:attachment":[{"href":"https:\/\/www.lfventilation.dk\/index.php\/wp-json\/wp\/v2\/media?parent=54"}],"curies":[{"name":"wp","href":"https:\/\/api.w.org\/{rel}","templated":true}]}}